{"id":491,"date":"2019-06-12T13:10:57","date_gmt":"2019-06-12T11:10:57","guid":{"rendered":"https:\/\/www.chateau-malleret.fr\/?page_id=491"},"modified":"2023-04-25T10:13:09","modified_gmt":"2023-04-25T08:13:09","slug":"the-people","status":"publish","type":"page","link":"https:\/\/www.chateau-malleret.fr\/en\/the-people\/","title":{"rendered":"The people"},"content":{"rendered":"<div class=\"full center\">\n<div class=\"txtcontent hommes\"><\/p>\n<h2>The people<\/h2>\n<div class=\"ter\">\n<img loading=\"lazy\" decoding=\"async\" src=\"https:\/\/www.chateau-malleret.fr\/wp-content\/uploads\/2019\/01\/paul_bordes.jpg\" alt=\"Paul Bordes\" width=\"640\" height=\"400\" class=\"alignnone size-full wp-image-107\" srcset=\"https:\/\/www.chateau-malleret.fr\/wp-content\/uploads\/2019\/01\/paul_bordes.jpg 640w, https:\/\/www.chateau-malleret.fr\/wp-content\/uploads\/2019\/01\/paul_bordes-300x188.jpg 300w\" sizes=\"auto, (max-width: 640px) 100vw, 640px\" \/><\/p>\n<h3>Paul Bordes<\/h3>\n<p><strong>Estate manager,<br \/>\nPaul Bordes joined Malleret in 2013.<\/strong><\/p>\n<p>Man of dialogue, Paul Bordes has been able to share this philosophy and this long-term ambition with the whole team, to work together to achieve the required changes.<\/p>\n<\/div>\n<div class=\"ter\">\n<img loading=\"lazy\" decoding=\"async\" src=\"https:\/\/www.chateau-malleret.fr\/wp-content\/uploads\/2019\/01\/stephane_derenoncourt.jpg\" alt=\"St\u00e9phane Derenoncourt\" width=\"640\" height=\"400\" class=\"alignnone size-full wp-image-108\" srcset=\"https:\/\/www.chateau-malleret.fr\/wp-content\/uploads\/2019\/01\/stephane_derenoncourt.jpg 640w, https:\/\/www.chateau-malleret.fr\/wp-content\/uploads\/2019\/01\/stephane_derenoncourt-300x188.jpg 300w\" sizes=\"auto, (max-width: 640px) 100vw, 640px\" \/><\/p>\n<h3>St\u00e9phane Derenoncourt<\/h3>\n<p><strong>Vine and wine consultant<\/strong><\/p>\n<p>St\u00e9phane Derenoncourt is a winemaker and consultant who quickly earned a strong reputation as an expert in wine growing and wine making both in France and abroad. <br \/>\nHis approach is based on expressing the terroir as best possible, offering a winegrowing and making process which is perfectly suited to the place, and respectful of nature. With an observation-based methodology, good sense in winegrowing and a focus on balanced wines, the company provides high-quality support and has become a mark of international excellence, with more than 140 customers.<\/p>\n<\/div>\n<div class=\"ter\">\n<img loading=\"lazy\" decoding=\"async\" src=\"https:\/\/www.chateau-malleret.fr\/wp-content\/uploads\/2019\/01\/aymar_du_vivier.jpg\" alt=\"Aymar du Vivier\" width=\"640\" height=\"400\" class=\"alignnone size-full wp-image-109\" srcset=\"https:\/\/www.chateau-malleret.fr\/wp-content\/uploads\/2019\/01\/aymar_du_vivier.jpg 640w, https:\/\/www.chateau-malleret.fr\/wp-content\/uploads\/2019\/01\/aymar_du_vivier-300x188.jpg 300w\" sizes=\"auto, (max-width: 640px) 100vw, 640px\" \/><\/p>\n<h3>Aymar du Vivier<\/h3>\n<p><strong>Communications and sales consultant<\/strong><\/p>\n<p>Aymar du Vivier promotes the soul of Ch\u00e2teau de Malleret throughout the world.<br \/>\nHe is a descendant of the Clossmann family and since 2012 has been working alongside Paul Bordes to bring this family-owned estate back to life.<\/p>\n<\/div>\n<\/div>\n<\/div>\n<div class=\"clear\"><\/div>\n<div class=\"losange\"><img loading=\"lazy\" decoding=\"async\" src=\"https:\/\/www.chateau-malleret.fr\/wp-content\/uploads\/2019\/01\/losange.png\" alt=\"Ch\u00e2teau de Malleret\" width=\"60\" height=\"92\" class=\"alignnone size-full wp-image-45\" \/><\/div>\n<p><img decoding=\"async\" src=\"https:\/\/www.chateau-malleret.fr\/wp-content\/uploads\/2019\/07\/equipe-dirigeante-administrative.jpg\" alt=\"Management and administrative team Ch\u00e2teau de Malleret\" width=\"100%\" height=\"auto\" class=\"alignnone size-full wp-image-200\" \/><\/p>\n<div class=\"full equipe center\" style=\"margin-bottom:100px\">\n<h3>Management and administrative team <\/h3>\n<p>Paul Bordes \u2013 Laurence Duchemin \u2013 Arthur Marrecau \u2013 B\u00e9atrice Nectoux \u2013 Marianne Delleci \u2013 Aymar du Vivier\n<\/p><\/div>\n<div class=\"clear\"><\/div>\n<div class=\"full center\">\n<div class=\"mid equipe\">\n<img loading=\"lazy\" decoding=\"async\" src=\"https:\/\/www.chateau-malleret.fr\/wp-content\/uploads\/2019\/07\/equipe-vigne.jpg\" alt=\"Vine team Ch\u00e2teau de Malleret\" width=\"1440\" height=\"932\" class=\"alignnone size-full wp-image-207\" \/><\/p>\n<h3>Vine team<\/h3>\n<p>Ang\u00e9lique Bodin &#8211; Laurent Cloarec &#8211; Sebastian Blanc &#8211; Maria-Luisa Costa Fernandes<br \/>\nAmandine Congard &#8211; Sylvie Pouillet &#8211; Manuel Coelho &#8211; Val\u00e9rie Bessi\u00e8res<br \/>\nSt\u00e9phane Pouillet &#8211; Jean-Christophe Vigneaud &#8211; Joaquim Fernandes &#8211; Jean-Luc Vabre\n<\/p><\/div>\n<div class=\"mid equipe\">\n<img loading=\"lazy\" decoding=\"async\" src=\"https:\/\/www.chateau-malleret.fr\/wp-content\/uploads\/2023\/04\/equipe-chais-23.jpg\" alt=\"\" width=\"1440\" height=\"932\" class=\"alignnone size-full wp-image-1020\" srcset=\"https:\/\/www.chateau-malleret.fr\/wp-content\/uploads\/2023\/04\/equipe-chais-23.jpg 1440w, https:\/\/www.chateau-malleret.fr\/wp-content\/uploads\/2023\/04\/equipe-chais-23-300x194.jpg 300w, https:\/\/www.chateau-malleret.fr\/wp-content\/uploads\/2023\/04\/equipe-chais-23-1024x663.jpg 1024w, https:\/\/www.chateau-malleret.fr\/wp-content\/uploads\/2023\/04\/equipe-chais-23-768x497.jpg 768w\" sizes=\"auto, (max-width: 1440px) 100vw, 1440px\" \/><\/p>\n<h3>Cellar team<\/h3>\n<p>Kevin Gaillard &#8211; Pierre-Louis Capdepuy\n<\/p><\/div>\n<\/div>\n<div class=\"clear\"><\/div>\n<div class=\"full center\">\n<div class=\"mid equipe\">\n<img loading=\"lazy\" decoding=\"async\" src=\"https:\/\/www.chateau-malleret.fr\/wp-content\/uploads\/2019\/07\/parc-jardins.jpg\" alt=\"Park and gardens team Ch\u00e2teau de Malleret\" width=\"1440\" height=\"932\" class=\"alignnone size-full wp-image-206\" \/><\/p>\n<h3>Park and gardens team<\/h3>\n<p>Claude Hamel &#8211; Jos\u00e9 Hurtado &#8211; Guillaume Bierge &#8211; Nicolas Adigard des Gautries &#8211; Julien Lavoisier\n<\/p><\/div>\n<div class=\"mid equipe\">\n<img loading=\"lazy\" decoding=\"async\" src=\"https:\/\/www.chateau-malleret.fr\/wp-content\/uploads\/2019\/07\/equipe-foret.jpg\" alt=\"For\u00eat Ch\u00e2teau de Malleret\" width=\"1440\" height=\"932\" class=\"alignnone size-full wp-image-208\" \/><\/p>\n<h3>Forest team<\/h3>\n<p>Angelino Ferreira &#8211; Thibault Pers\n<\/p><\/div>\n<\/div>\n<div class=\"clear\"><\/div>\n<div class=\"full center\">\n<div class=\"mid equipe\">\n<img loading=\"lazy\" decoding=\"async\" src=\"https:\/\/www.chateau-malleret.fr\/wp-content\/uploads\/2019\/07\/entretien-batiments.jpg\" alt=\"Building Maintenance Ch\u00e2teau de Malleret\" width=\"1440\" height=\"932\" class=\"alignnone size-full wp-image-211\" \/><\/p>\n<h3>Building Maintenance<\/h3>\n<p>Sonia Lavoisier &#8211; No\u00e9mie Martin\n<\/p><\/div>\n<div class=\"mid equipe\">\n<img loading=\"lazy\" decoding=\"async\" src=\"https:\/\/www.chateau-malleret.fr\/wp-content\/uploads\/2019\/07\/entretien-materiel.jpg\" alt=\"Equipment Maintenance Ch\u00e2teau de Malleret\" width=\"1440\" height=\"932\" class=\"alignnone size-full wp-image-209\" \/><\/p>\n<h3>Equipment Maintenance<\/h3>\n<p>Manuel Coelho &#8211; Jean-Claude Pers\n<\/p><\/div>\n<\/div>\n<div class=\"clear\"><\/div>\n","protected":false},"excerpt":{"rendered":"<p>The people Paul Bordes Estate manager, Paul Bordes joined Malleret in 2013. Man of dialogue, Paul Bordes has been able to share this philosophy and this long-term ambition with the whole team, to work together to achieve the required changes. St\u00e9phane Derenoncourt Vine and wine consultant St\u00e9phane Derenoncourt is a winemaker and consultant who quickly [&hellip;]<\/p>\n","protected":false},"author":1,"featured_media":0,"parent":0,"menu_order":0,"comment_status":"closed","ping_status":"closed","template":"","meta":{"footnotes":""},"class_list":["post-491","page","type-page","status-publish","hentry"],"yoast_head":"<!-- This site is optimized with the Yoast SEO plugin v26.5 - https:\/\/yoast.com\/wordpress\/plugins\/seo\/ -->\n<title>Ch\u00e2teau de Malleret - Cru Bourgeois Exceptionnel - AOC Haut-M\u00e9doc<\/title>\n<meta name=\"description\" content=\"The Ch\u00e2teau de Malleret is a unique wine estate of 350 Ha, located at the gates of Bordeaux.\" \/>\n<meta name=\"robots\" content=\"index, follow, max-snippet:-1, max-image-preview:large, max-video-preview:-1\" \/>\n<link rel=\"canonical\" href=\"https:\/\/www.chateau-malleret.fr\/en\/the-people\/\" \/>\n<meta property=\"og:locale\" content=\"en_US\" \/>\n<meta property=\"og:type\" content=\"article\" \/>\n<meta property=\"og:title\" content=\"Ch\u00e2teau de Malleret - Cru Bourgeois Exceptionnel - AOC Haut-M\u00e9doc\" \/>\n<meta property=\"og:description\" content=\"The Ch\u00e2teau de Malleret is a unique wine estate of 350 Ha, located at the gates of Bordeaux.\" \/>\n<meta property=\"og:url\" content=\"https:\/\/www.chateau-malleret.fr\/en\/the-people\/\" \/>\n<meta property=\"og:site_name\" content=\"Ch\u00e2teau de Malleret\" \/>\n<meta property=\"article:modified_time\" content=\"2023-04-25T08:13:09+00:00\" \/>\n<meta property=\"og:image\" content=\"https:\/\/www.chateau-malleret.fr\/wp-content\/uploads\/2019\/01\/paul_bordes.jpg\" \/>\n<meta name=\"twitter:card\" content=\"summary_large_image\" \/>\n<meta name=\"twitter:label1\" content=\"Est. reading time\" \/>\n\t<meta name=\"twitter:data1\" content=\"4 minutes\" \/>\n<script type=\"application\/ld+json\" class=\"yoast-schema-graph\">{\"@context\":\"https:\/\/schema.org\",\"@graph\":[{\"@type\":\"WebPage\",\"@id\":\"https:\/\/www.chateau-malleret.fr\/en\/the-people\/\",\"url\":\"https:\/\/www.chateau-malleret.fr\/en\/the-people\/\",\"name\":\"Ch\u00e2teau de Malleret - Cru Bourgeois Exceptionnel - AOC Haut-M\u00e9doc\",\"isPartOf\":{\"@id\":\"https:\/\/www.chateau-malleret.fr\/en\/#website\"},\"primaryImageOfPage\":{\"@id\":\"https:\/\/www.chateau-malleret.fr\/en\/the-people\/#primaryimage\"},\"image\":{\"@id\":\"https:\/\/www.chateau-malleret.fr\/en\/the-people\/#primaryimage\"},\"thumbnailUrl\":\"https:\/\/www.chateau-malleret.fr\/wp-content\/uploads\/2019\/01\/paul_bordes.jpg\",\"datePublished\":\"2019-06-12T11:10:57+00:00\",\"dateModified\":\"2023-04-25T08:13:09+00:00\",\"description\":\"The Ch\u00e2teau de Malleret is a unique wine estate of 350 Ha, located at the gates of Bordeaux.\",\"breadcrumb\":{\"@id\":\"https:\/\/www.chateau-malleret.fr\/en\/the-people\/#breadcrumb\"},\"inLanguage\":\"en-US\",\"potentialAction\":[{\"@type\":\"ReadAction\",\"target\":[\"https:\/\/www.chateau-malleret.fr\/en\/the-people\/\"]}]},{\"@type\":\"ImageObject\",\"inLanguage\":\"en-US\",\"@id\":\"https:\/\/www.chateau-malleret.fr\/en\/the-people\/#primaryimage\",\"url\":\"https:\/\/www.chateau-malleret.fr\/wp-content\/uploads\/2019\/01\/paul_bordes.jpg\",\"contentUrl\":\"https:\/\/www.chateau-malleret.fr\/wp-content\/uploads\/2019\/01\/paul_bordes.jpg\"},{\"@type\":\"BreadcrumbList\",\"@id\":\"https:\/\/www.chateau-malleret.fr\/en\/the-people\/#breadcrumb\",\"itemListElement\":[{\"@type\":\"ListItem\",\"position\":1,\"name\":\"Accueil\",\"item\":\"https:\/\/www.chateau-malleret.fr\/en\/\"},{\"@type\":\"ListItem\",\"position\":2,\"name\":\"The people\"}]},{\"@type\":\"WebSite\",\"@id\":\"https:\/\/www.chateau-malleret.fr\/en\/#website\",\"url\":\"https:\/\/www.chateau-malleret.fr\/en\/\",\"name\":\"Ch\u00e2teau de Malleret\",\"description\":\"\",\"potentialAction\":[{\"@type\":\"SearchAction\",\"target\":{\"@type\":\"EntryPoint\",\"urlTemplate\":\"https:\/\/www.chateau-malleret.fr\/en\/?s={search_term_string}\"},\"query-input\":{\"@type\":\"PropertyValueSpecification\",\"valueRequired\":true,\"valueName\":\"search_term_string\"}}],\"inLanguage\":\"en-US\"}]}<\/script>\n<!-- \/ Yoast SEO plugin. -->","yoast_head_json":{"title":"Ch\u00e2teau de Malleret - Cru Bourgeois Exceptionnel - AOC Haut-M\u00e9doc","description":"The Ch\u00e2teau de Malleret is a unique wine estate of 350 Ha, located at the gates of Bordeaux.","robots":{"index":"index","follow":"follow","max-snippet":"max-snippet:-1","max-image-preview":"max-image-preview:large","max-video-preview":"max-video-preview:-1"},"canonical":"https:\/\/www.chateau-malleret.fr\/en\/the-people\/","og_locale":"en_US","og_type":"article","og_title":"Ch\u00e2teau de Malleret - Cru Bourgeois Exceptionnel - AOC Haut-M\u00e9doc","og_description":"The Ch\u00e2teau de Malleret is a unique wine estate of 350 Ha, located at the gates of Bordeaux.","og_url":"https:\/\/www.chateau-malleret.fr\/en\/the-people\/","og_site_name":"Ch\u00e2teau de Malleret","article_modified_time":"2023-04-25T08:13:09+00:00","og_image":[{"url":"https:\/\/www.chateau-malleret.fr\/wp-content\/uploads\/2019\/01\/paul_bordes.jpg","type":"","width":"","height":""}],"twitter_card":"summary_large_image","twitter_misc":{"Est. reading time":"4 minutes"},"schema":{"@context":"https:\/\/schema.org","@graph":[{"@type":"WebPage","@id":"https:\/\/www.chateau-malleret.fr\/en\/the-people\/","url":"https:\/\/www.chateau-malleret.fr\/en\/the-people\/","name":"Ch\u00e2teau de Malleret - Cru Bourgeois Exceptionnel - AOC Haut-M\u00e9doc","isPartOf":{"@id":"https:\/\/www.chateau-malleret.fr\/en\/#website"},"primaryImageOfPage":{"@id":"https:\/\/www.chateau-malleret.fr\/en\/the-people\/#primaryimage"},"image":{"@id":"https:\/\/www.chateau-malleret.fr\/en\/the-people\/#primaryimage"},"thumbnailUrl":"https:\/\/www.chateau-malleret.fr\/wp-content\/uploads\/2019\/01\/paul_bordes.jpg","datePublished":"2019-06-12T11:10:57+00:00","dateModified":"2023-04-25T08:13:09+00:00","description":"The Ch\u00e2teau de Malleret is a unique wine estate of 350 Ha, located at the gates of Bordeaux.","breadcrumb":{"@id":"https:\/\/www.chateau-malleret.fr\/en\/the-people\/#breadcrumb"},"inLanguage":"en-US","potentialAction":[{"@type":"ReadAction","target":["https:\/\/www.chateau-malleret.fr\/en\/the-people\/"]}]},{"@type":"ImageObject","inLanguage":"en-US","@id":"https:\/\/www.chateau-malleret.fr\/en\/the-people\/#primaryimage","url":"https:\/\/www.chateau-malleret.fr\/wp-content\/uploads\/2019\/01\/paul_bordes.jpg","contentUrl":"https:\/\/www.chateau-malleret.fr\/wp-content\/uploads\/2019\/01\/paul_bordes.jpg"},{"@type":"BreadcrumbList","@id":"https:\/\/www.chateau-malleret.fr\/en\/the-people\/#breadcrumb","itemListElement":[{"@type":"ListItem","position":1,"name":"Accueil","item":"https:\/\/www.chateau-malleret.fr\/en\/"},{"@type":"ListItem","position":2,"name":"The people"}]},{"@type":"WebSite","@id":"https:\/\/www.chateau-malleret.fr\/en\/#website","url":"https:\/\/www.chateau-malleret.fr\/en\/","name":"Ch\u00e2teau de Malleret","description":"","potentialAction":[{"@type":"SearchAction","target":{"@type":"EntryPoint","urlTemplate":"https:\/\/www.chateau-malleret.fr\/en\/?s={search_term_string}"},"query-input":{"@type":"PropertyValueSpecification","valueRequired":true,"valueName":"search_term_string"}}],"inLanguage":"en-US"}]}},"_links":{"self":[{"href":"https:\/\/www.chateau-malleret.fr\/en\/wp-json\/wp\/v2\/pages\/491","targetHints":{"allow":["GET"]}}],"collection":[{"href":"https:\/\/www.chateau-malleret.fr\/en\/wp-json\/wp\/v2\/pages"}],"about":[{"href":"https:\/\/www.chateau-malleret.fr\/en\/wp-json\/wp\/v2\/types\/page"}],"author":[{"embeddable":true,"href":"https:\/\/www.chateau-malleret.fr\/en\/wp-json\/wp\/v2\/users\/1"}],"replies":[{"embeddable":true,"href":"https:\/\/www.chateau-malleret.fr\/en\/wp-json\/wp\/v2\/comments?post=491"}],"version-history":[{"count":15,"href":"https:\/\/www.chateau-malleret.fr\/en\/wp-json\/wp\/v2\/pages\/491\/revisions"}],"predecessor-version":[{"id":1022,"href":"https:\/\/www.chateau-malleret.fr\/en\/wp-json\/wp\/v2\/pages\/491\/revisions\/1022"}],"wp:attachment":[{"href":"https:\/\/www.chateau-malleret.fr\/en\/wp-json\/wp\/v2\/media?parent=491"}],"curies":[{"name":"wp","href":"https:\/\/api.w.org\/{rel}","templated":true}]}}